{"id":2503,"date":"2024-07-01T14:10:43","date_gmt":"2024-07-01T14:10:43","guid":{"rendered":"https:\/\/terramar.tur.ar\/?post_type=product&#038;p=2503"},"modified":"2026-03-30T13:55:58","modified_gmt":"2026-03-30T16:55:58","slug":"trekking-com-olhos-de-albino","status":"publish","type":"product","link":"https:\/\/terramar.tur.ar\/pt\/produto\/trekking-com-olhos-de-albino\/","title":{"rendered":"Trekking no Ojo del Albino"},"content":{"rendered":"<p>Saindo de sua acomoda\u00e7\u00e3o pela manh\u00e3, come\u00e7aremos nossa jornada pela Rota N\u00b03. No km 20, iniciaremos a caminhada de 5 km at\u00e9 a Lagoa Esmeralda, atravessando o Vale Tierra Mayor e o Vale do Rio Esmeralda. Chegaremos \u00e0 lagoa e, depois de apreciar a paisagem, caminharemos por cerca de duas horas. Continuamos nossa jornada ao longo da margem direita para come\u00e7ar a subir em dire\u00e7\u00e3o ao Ojo del Albino. Depois de uma hora, estaremos caminhando por um terreno de alta montanha que exige muita concentra\u00e7\u00e3o.<\/p>\n<p>Depois de uma parada para o almo\u00e7o e para recuperar as energias, continuaremos subindo em dire\u00e7\u00e3o aos Balcones del Ojo del Albino, onde teremos uma vista incr\u00edvel da Laguna Esmeralda e de seu alto vale.<\/p>\n<p><img fetchpriority=\"high\" decoding=\"async\" class=\"alignnone wp-image-2506 size-full\" src=\"https:\/\/terramar.tur.ar\/wp-content\/uploads\/2024\/08\/Trekking-glaciar-ojo-del-albino-2-Terramar.jpg\" alt=\"Olho albino Glacier 2\" width=\"1200\" height=\"800\" srcset=\"https:\/\/terramar.tur.ar\/wp-content\/uploads\/2024\/08\/Trekking-glaciar-ojo-del-albino-2-Terramar.jpg 1200w, https:\/\/terramar.tur.ar\/wp-content\/uploads\/2024\/08\/Trekking-glaciar-ojo-del-albino-2-Terramar-300x200.jpg 300w, https:\/\/terramar.tur.ar\/wp-content\/uploads\/2024\/08\/Trekking-glaciar-ojo-del-albino-2-Terramar-1024x683.jpg 1024w, https:\/\/terramar.tur.ar\/wp-content\/uploads\/2024\/08\/Trekking-glaciar-ojo-del-albino-2-Terramar-768x512.jpg 768w, https:\/\/terramar.tur.ar\/wp-content\/uploads\/2024\/08\/Trekking-glaciar-ojo-del-albino-2-Terramar-600x400.jpg 600w\" sizes=\"(max-width: 1200px) 100vw, 1200px\" \/><\/p>\n<h3>Informa\u00e7\u00f5es importantes<\/h3>\n<p>Hor\u00e1rio de partida: 8:00 horas. Dura\u00e7\u00e3o aproximada: 12 horas (dependendo das condi\u00e7\u00f5es clim\u00e1ticas).<br \/>\nDist\u00e2ncia percorrida: aproximadamente 20 km.<br \/>\nDiferen\u00e7a de altitude: 800 m. aproximadamente.<br \/>\nInclu\u00eddo: traslados, guia, lanche, bast\u00f5es e crampons.<\/p>\n<h3>Requisitos<\/h3>\n<p>Ter experi\u00eancia em trekking e estar em boas condi\u00e7\u00f5es f\u00edsicas. N\u00e3o ter doen\u00e7as f\u00edsicas.<\/p>\n<p>Roupas: cal\u00e7ados imperme\u00e1veis para trekking, jaqueta e cal\u00e7a imperme\u00e1veis, chap\u00e9u, luvas, protetor solar, len\u00e7o de pesco\u00e7o, mochila com uma garrafa de \u00e1gua.<\/p>\n<p>&nbsp;<\/p>\n<p>*Tarifas v\u00e1lidas at\u00e9 31\/03\/2026. Consulte a disponibilidade e as tarifas ap\u00f3s essa data por e-mail ou Whatsapp.<\/p>","protected":false},"excerpt":{"rendered":"<div class=\"flex flex-grow flex-col max-w-full\">\n<div class=\"min-h-[20px] text-message flex w-full flex-col items-end gap-2 whitespace-pre-wrap break-words [.text-message+&amp;]:mt-5 overflow-x-auto\" dir=\"auto\" data-message-author-role=\"assistant\" data-message-id=\"a5068556-b337-4728-a14a-2206db3fc725\">\n<div class=\"flex w-full flex-col gap-1 empty:hidden first:pt-[3px]\">\n<div class=\"markdown prose w-full break-words dark:prose-invert light\">\n<p>Te invitamos a una emocionante excursi\u00f3n al Glaciar Ojo del Albino comenzando desde tu alojamiento por la ma\u00f1ana. Recorre la Ruta N\u00b03 y disfruta de una caminata de 5 km a trav\u00e9s del Valle de Tierra Mayor y el Valle del R\u00edo Esmeralda. Luego de apreciar el paisaje de la Laguna Esmeralda, ascendemos hacia el Ojo del Albino, donde una vista incre\u00edble de la laguna y su valle te espera.<\/p>\n<\/div>\n<\/div>\n<\/div>\n<\/div>\n<div class=\"mt-1 flex gap-3 empty:hidden -ml-2\">\n<div class=\"items-center justify-start rounded-xl p-1 flex\">\n<div class=\"flex items-center\"><\/div>\n<\/div>\n<\/div>\n","protected":false},"featured_media":2508,"comment_status":"open","ping_status":"closed","template":"","meta":[],"product_brand":[],"product_cat":[18,21],"product_tag":[],"class_list":{"0":"post-2503","1":"product","2":"type-product","3":"status-publish","4":"has-post-thumbnail","6":"product_cat-ushuaia","7":"product_cat-verano","9":"first","10":"instock","11":"virtual","12":"sold-individually","13":"taxable","14":"purchasable","15":"product-type-booking"},"booking_location":"","booking_location_type":"","booking_duration":1,"booking_duration_unit":"day","booking_buffer":0,"booking_cost":0,"booking_resources":[],"_links":{"self":[{"href":"https:\/\/terramar.tur.ar\/pt\/wp-json\/wp\/v2\/product\/2503","targetHints":{"allow":["GET"]}}],"collection":[{"href":"https:\/\/terramar.tur.ar\/pt\/wp-json\/wp\/v2\/product"}],"about":[{"href":"https:\/\/terramar.tur.ar\/pt\/wp-json\/wp\/v2\/types\/product"}],"replies":[{"embeddable":true,"href":"https:\/\/terramar.tur.ar\/pt\/wp-json\/wp\/v2\/comments?post=2503"}],"wp:featuredmedia":[{"embeddable":true,"href":"https:\/\/terramar.tur.ar\/pt\/wp-json\/wp\/v2\/media\/2508"}],"wp:attachment":[{"href":"https:\/\/terramar.tur.ar\/pt\/wp-json\/wp\/v2\/media?parent=2503"}],"wp:term":[{"taxonomy":"product_brand","embeddable":true,"href":"https:\/\/terramar.tur.ar\/pt\/wp-json\/wp\/v2\/product_brand?post=2503"},{"taxonomy":"product_cat","embeddable":true,"href":"https:\/\/terramar.tur.ar\/pt\/wp-json\/wp\/v2\/product_cat?post=2503"},{"taxonomy":"product_tag","embeddable":true,"href":"https:\/\/terramar.tur.ar\/pt\/wp-json\/wp\/v2\/product_tag?post=2503"}],"curies":[{"name":"wp","href":"https:\/\/api.w.org\/{rel}","templated":true}]}}